{"id":42,"date":"2016-07-14T20:38:26","date_gmt":"2016-07-14T17:38:26","guid":{"rendered":"https:\/\/yamastik.gr\/?page_id=42"},"modified":"2024-08-21T16:45:22","modified_gmt":"2024-08-21T13:45:22","slug":"company","status":"publish","type":"page","link":"https:\/\/yamastik.com\/tr\/company\/","title":{"rendered":"Profil"},"content":{"rendered":"<div data-elementor-type=\"wp-page\" data-elementor-id=\"42\" class=\"elementor elementor-42\" data-elementor-post-type=\"page\">\n\t\t\t\t<div class=\"elementor-element elementor-element-3c400f4 e-con-full e-flex e-con e-parent\" data-id=\"3c400f4\" data-element_type=\"container\" data-e-type=\"container\">\n\t\t\t\t<div class=\"elementor-element elementor-element-53e0986 elementor-widget elementor-widget-text-editor\" data-id=\"53e0986\" data-element_type=\"widget\" data-e-type=\"widget\" data-widget_type=\"text-editor.default\">\n\t\t\t\t<div class=\"elementor-widget-container\">\n\t\t\t\t\t\t\t\t\t<h2><strong>Tarih <\/strong><\/h2><p>Yamastik 1984 y\u0131l\u0131nda Konstantinos Giamakis taraf\u0131ndan kurulmu\u015ftur. O d\u00f6nemde d\u00fcnyan\u0131n ilk elektrikle \u00e7al\u0131\u015fan zeytin hasat makinesini \u00fcretmi\u015f, ayn\u0131 zamanda bir dizi ba\u015fka yenilik\u00e7i tar\u0131m aletinin \u00fcretimi ve pazarlanmas\u0131 i\u00e7in s\u00fcrekli ara\u015ft\u0131rma ve tasar\u0131m yapm\u0131\u015ft\u0131r.<\/p><p>O zamandan beri Yamastik t\u00fcm \u00fcr\u00fcnlerini s\u00fcrekli olarak geli\u015ftirmekte ve iyile\u015ftirmekte, ayr\u0131ca s\u00fcrekli ara\u015ft\u0131rma ve testlerden sonra yeni \u00fcr\u00fcnler \u00fcretmektedir. B\u00f6ylece Yamastik hakl\u0131 olarak ad\u0131n\u0131 Yunanistan'daki tar\u0131m sekt\u00f6r\u00fcn\u00fcn yarat\u0131c\u0131 geli\u015fimi ile \u00f6zde\u015fle\u015ftirmi\u015ftir. \u0130\u015finde ona yard\u0131mc\u0131 olan, ya\u015fam kalitesini y\u00fckselten ve verimlili\u011fini art\u0131ran yenilik\u00e7i makinelerle her zaman \u00e7ift\u00e7inin yan\u0131ndad\u0131r. Yunanistan'da ve yurtd\u0131\u015f\u0131nda geni\u015f bir ortak a\u011f\u0131na sahip olan Yamastik, m\u00fc\u015fterilerine her zaman yak\u0131nd\u0131r ve onlara an\u0131nda ve uzman teknik destek sa\u011flar.\u00a0<\/p><p>Yamastik art\u0131k sadece tar\u0131m sekt\u00f6r\u00fcnde de\u011fil, di\u011fer bir\u00e7ok sekt\u00f6rde de faaliyet g\u00f6stermektedir. \u00dcretti\u011fi hasat, budama, ta\u015f\u0131ma, i\u015fleme vb. tar\u0131m makinelerinin yan\u0131 s\u0131ra elektronik devreler konusunda da \u00e7\u00f6z\u00fcmler sunmakta ve geni\u015f bir plastik yelpazesi \u00fcretmektedir. T\u00fcm bile\u015fenler Yamastik taraf\u0131ndan tasarlanmakta, \u00fcretilmekte, monte edilmekte ve test edilmektedir. Yamastik, modern y\u00fcksek hassasiyetli makineler ve se\u00e7ilmi\u015f y\u00fcksek hassasiyetli bile\u015fenler kullanarak geni\u015f bir \u00fcr\u00fcn yelpazesi sunabilmektedir.<br \/>kaliteli hammaddeler ve iyi e\u011fitimli personel, \u00fcr\u00fcnlerinin uzun y\u0131llar boyunca m\u00fckemmel ve kesintisiz \u00e7al\u0131\u015fmas\u0131n\u0131 sa\u011flar.<\/p><p>\u00a0<\/p><h2><strong>Vizyon <\/strong><\/h2><p>Felsefemiz \u015fudur:<\/p><p>G\u00fcvenilirlik, Yenilik\u00e7ilik, \u0130nsani De\u011ferler.<\/p><p>Hedeflerimiz \u015funlard\u0131r:<\/p><ul><li>yeni\u0307 \u00fcr\u00fcnler<\/li><li>s\u00fcrekli iyile\u015ftirilmesi<br \/>\u00dcr\u00fcnler<\/li><li>mutlu m\u00fc\u015fteriler<\/li><li>mutlu ortaklar<\/li><li>yeni pazarlar<\/li><\/ul><p>\u00a0<\/p><h2><strong>De\u011ferler <\/strong><\/h2><p>Dayand\u0131\u011f\u0131m\u0131z de\u011ferler \u015funlard\u0131r:<\/p><ul><li>D\u00fcr\u00fcstl\u00fck<\/li><\/ul><p>Eylemlerimiz ve s\u00f6zlerimiz \u015feffafl\u0131k, d\u00fcr\u00fcstl\u00fck ve tutarl\u0131l\u0131k ile karakterize edilir. T\u00fcm taahh\u00fctlerimizi, t\u00fcm y\u00fck\u00fcml\u00fcl\u00fcklerimizi ve t\u00fcm s\u00f6zlerimizi sapma olmaks\u0131z\u0131n yerine getiririz. Ticari faaliyetlerimizi her zaman d\u00fcr\u00fcst ve tarafs\u0131z bir \u015fekilde y\u00fcr\u00fct\u00fcr\u00fcz.<\/p><ul><li>Tak\u0131m \u00c7al\u0131\u015fmas\u0131<\/li><\/ul><p>Grubun sonu\u00e7lar\u0131n\u0131n her zaman grubu olu\u015fturan bireylerin bireysel sonu\u00e7lar\u0131ndan daha iyi oldu\u011funa inan\u0131yoruz. Bu nedenle \u00e7al\u0131\u015fanlar aras\u0131nda a\u00e7\u0131k, olumlu ve dostane ili\u015fkiler kurmaya ve s\u00fcrd\u00fcrmeye \u00e7al\u0131\u015f\u0131yoruz, \u00e7\u00fcnk\u00fc bu birbirleriyle \u00e7al\u0131\u015fmay\u0131 ve bu sayede en iyi sonu\u00e7lar\u0131 elde etmeyi kolay ve keyifli hale getiriyor. Ayr\u0131ca yap\u0131c\u0131 diyalo\u011fu te\u015fvik ediyor ve herkese fikrini \u00f6zg\u00fcrce s\u00f6yleme hakk\u0131 tan\u0131yoruz.<\/p><ul><li>Vanguard<\/li><\/ul><p>\u0130novasyon bizim i\u00e7in s\u00fcregelen bir taahh\u00fctt\u00fcr. Yeni \u00fcr\u00fcnler geli\u015ftirmenin yan\u0131 s\u0131ra altyap\u0131 ve s\u00fcre\u00e7leri iyile\u015ftirmek i\u00e7in de her zaman yeni yollar ar\u0131yoruz. Yeni fikirler ve s\u00fcre\u00e7lerle ilgileniyor, ortaklar\u0131m\u0131z\u0131 ve m\u00fc\u015fterilerimizi yeni fikirler d\u00fc\u015f\u00fcnmeye ve \u00f6nermeye te\u015fvik ediyoruz. Herkesin yarat\u0131c\u0131l\u0131\u011f\u0131n\u0131 destekliyor ve her bir \u00e7al\u0131\u015fan\u0131m\u0131z\u0131n bize yard\u0131mc\u0131 olabilece\u011fine ve s\u00fcrekli geli\u015fimimize katk\u0131da bulunabilece\u011fine inan\u0131yoruz.<\/p><ul><li>M\u00fc\u015fteriye odaklan\u0131n<\/li><\/ul><p>Her zaman m\u00fc\u015fterilerimizin mevcut ve potansiyel ihtiya\u00e7lar\u0131n\u0131 ve beklentilerini \u00f6ng\u00f6rmeye ve kar\u015f\u0131lamaya \u00e7al\u0131\u015f\u0131r\u0131z. M\u00fc\u015fterilerimizin ihtiya\u00e7lar\u0131yla yak\u0131ndan ve samimi bir \u015fekilde ilgileniyor ve onlara profesyonellik, nezaket ve sab\u0131rla hizmet veriyoruz. Sahip oldu\u011fumuz bilgi birikimini onlarla payla\u015f\u0131r ve m\u00fc\u015fterilerimizi baz\u0131 potansiyel sorunlar\u0131n \u00e7\u00f6z\u00fcm\u00fc konusunda e\u011fiterek ortakl\u0131\u011f\u0131m\u0131za de\u011fer katar\u0131z. Ge\u00e7ici \u00e7\u0131karlar olmadan, herkes i\u00e7in fayda sa\u011flayan uzun vadeli i\u015fbirli\u011fini hedefleyen bir g\u00fcven ili\u015fkisi yarat\u0131yoruz.<\/p><ul><li>S\u00fcrekli \u00f6\u011frenme<\/li><\/ul><p>Yamastik s\u00fcrekli \u00f6\u011frenen bir \u015firkettir. \u00d6\u011frenme, hem ekip hem de bireysel d\u00fczeyde \u015firketin t\u00fcm faaliyetleri i\u00e7in ge\u00e7erlidir. Hatalar\u0131m\u0131zdan ve ba\u015far\u0131lar\u0131m\u0131zdan ders \u00e7\u0131kar\u0131r ve bu bilgiyi daha iyi olmak i\u00e7in kullan\u0131r\u0131z. \u00d6nyarg\u0131lar ve tabular olmadan ve ge\u00e7mi\u015fe fanatik ba\u011fl\u0131l\u0131klar olmadan yap\u0131m\u0131z\u0131 ve s\u00fcre\u00e7lerimizi s\u00fcrekli olarak yeni ko\u015fullara adapte ediyoruz.<\/p><ul><li>Sosyal sorumluluk<\/li><\/ul><p>Yamastik i\u00e7in toplumsal refah, geli\u015fim yolunun ayr\u0131lmaz bir par\u00e7as\u0131d\u0131r. Bu ba\u011flamda, Kurumsal Sosyal Sorumlulu\u011fun gerekliliklerini i\u015f faaliyetlerimize dahil etmenin ahlaki a\u00e7\u0131dan zorunlu oldu\u011funu d\u00fc\u015f\u00fcn\u00fcyoruz. Ger\u00e7ekle\u015ftirdi\u011fimiz eylemlerle, \u0130nsanlar\u0131 ve Toplumu politikam\u0131z\u0131n merkezine yerle\u015ftiriyor, \u00e7al\u0131\u015fanlara sayg\u0131ya, g\u00f6n\u00fcll\u00fcl\u00fc\u011f\u00fcn te\u015fvik edilmesine, sa\u011fl\u0131k ve g\u00fcvenlik konular\u0131na ve \u00e7evrenin korunmas\u0131na \u00f6zen g\u00f6stermeye her zaman yat\u0131r\u0131m yap\u0131yoruz.<\/p><p>\u00a0<\/p><h2><strong>Kurumsal Sosyal Sorumluluk<\/strong><\/h2><p>Topluma geri verme ihtiyac\u0131 Yamastik'in felsefesine de yans\u0131m\u0131\u015ft\u0131r.<\/p><p>\u00d6nceli\u011fimiz, hem bireysel hem de daha geni\u015f toplumun bir par\u00e7as\u0131 olarak insan, onun refah\u0131 ve geli\u015fimidir. Bu temelden hareketle Yamastik, k\u0131rsal kalk\u0131nman\u0131n ve insana katk\u0131n\u0131n pe\u015finde geni\u015f bir yelpazede hizmet sunmaktad\u0131r.<br \/>ve do\u011fada.<\/p><p>Yamastik'te en ba\u015f\u0131ndan beri sosyal sorumlulu\u011fun gerekliliklerini faaliyetlerimize aktif olarak entegre ettik. \u00c7evrenin korunmas\u0131, sosyal d\u0131\u015flanmaya kar\u015f\u0131 m\u00fccadele, i\u015f d\u00fcnyas\u0131nda f\u0131rsat e\u015fitli\u011fi politikas\u0131<br \/>ve faaliyet g\u00f6sterdi\u011fimiz her yerde yerel topluluklarla kar\u015f\u0131l\u0131kl\u0131 g\u00fcven ve i\u015fbirli\u011fi ili\u015fkilerini te\u015fvik etmek. Sorumlulu\u011fumuzun bilincinde olarak ve i\u015fimizin do\u011fas\u0131n\u0131 g\u00f6z \u00f6n\u00fcnde bulundurarak, dikkatimizi di\u011fer hususlar\u0131n yan\u0131 s\u0131ra \u00e7evre koruma, sa\u011fl\u0131k ve g\u00fcvenlik alanlar\u0131na odakl\u0131yoruz.<\/p><p>Sorumlulu\u011fumuzun bilincinde olarak ve i\u015fimizin do\u011fas\u0131n\u0131 g\u00f6z \u00f6n\u00fcnde bulundurarak, dikkatimizi \u00e7evrenin korunmas\u0131na odakl\u0131yoruz. Makinelerimiz, s\u00fcrd\u00fcr\u00fclebilir kalk\u0131nmada \u00f6nemli bir fakt\u00f6r olmay\u0131 ama\u00e7layan \u015firketimizin \u00e7evre politikas\u0131yla uyumludur.<\/p>\t\t\t\t\t\t\t\t<\/div>\n\t\t\t\t<\/div>\n\t\t\t\t<\/div>\n\t\t\t\t<\/div>","protected":false},"excerpt":{"rendered":"<p>Tarih\u00e7e Yamastik 1984 y\u0131l\u0131nda Konstantinos Giamakis taraf\u0131ndan kurulmu\u015ftur. O d\u00f6nemde d\u00fcnyan\u0131n ilk elektrikle \u00e7al\u0131\u015fan zeytin hasat makinesini \u00fcretti ve di\u011fer \u00e7e\u015fitli yenilik\u00e7i tar\u0131m aletlerini \u00fcretmek ve pazarlamak i\u00e7in s\u00fcrekli ara\u015ft\u0131rma ve tasar\u0131mla u\u011fra\u015ft\u0131. O zamandan beri Yamastik, t\u00fcm [...] \u00fcr\u00fcnlerini s\u00fcrekli olarak geli\u015ftirmekte ve iyile\u015ftirmektedir.<\/p>","protected":false},"author":1,"featured_media":0,"parent":0,"menu_order":0,"comment_status":"closed","ping_status":"closed","template":"","meta":{"_acf_changed":false,"footnotes":""},"class_list":["post-42","page","type-page","status-publish","hentry"],"acf":[],"_links":{"self":[{"href":"https:\/\/yamastik.com\/tr\/wp-json\/wp\/v2\/pages\/42"}],"collection":[{"href":"https:\/\/yamastik.com\/tr\/wp-json\/wp\/v2\/pages"}],"about":[{"href":"https:\/\/yamastik.com\/tr\/wp-json\/wp\/v2\/types\/page"}],"author":[{"embeddable":true,"href":"https:\/\/yamastik.com\/tr\/wp-json\/wp\/v2\/users\/1"}],"replies":[{"embeddable":true,"href":"https:\/\/yamastik.com\/tr\/wp-json\/wp\/v2\/comments?post=42"}],"version-history":[{"count":2,"href":"https:\/\/yamastik.com\/tr\/wp-json\/wp\/v2\/pages\/42\/revisions"}],"predecessor-version":[{"id":2725,"href":"https:\/\/yamastik.com\/tr\/wp-json\/wp\/v2\/pages\/42\/revisions\/2725"}],"wp:attachment":[{"href":"https:\/\/yamastik.com\/tr\/wp-json\/wp\/v2\/media?parent=42"}],"curies":[{"name":"wp","href":"https:\/\/api.w.org\/{rel}","templated":true}]}}